{"id":23,"date":"2011-05-31T09:02:10","date_gmt":"2011-05-31T07:02:10","guid":{"rendered":"http:\/\/tiazanoguera.wordpress.com\/?page_id=2"},"modified":"2017-03-27T16:54:11","modified_gmt":"2017-03-27T14:54:11","slug":"curriculum","status":"publish","type":"page","link":"http:\/\/tiazanoguera.com\/?page_id=23","title":{"rendered":"BIO"},"content":{"rendered":"<h3 align=\"CENTER\"><strong><span style=\"font-family: Times New Roman,serif;\"><span style=\"font-size: large;\">C.V.<\/span><\/span><\/strong><\/h3>\n<h3 style=\"text-align: justify;\"><span style=\"font-family: Times New Roman,serif;\"><span style=\"font-size: small;\">Painter. Besides I also do esculpture, <span lang=\"en\">scenography, design, animation, comic, action and poetry.<\/span> <span lang=\"en\">But I am a painter.<\/span><\/span><\/span><\/h3>\n<h3 style=\"text-align: justify;\"><span style=\"font-family: Times New Roman,serif;\"><span style=\"font-size: small;\">Bachelor of Fine Arts faculty &#8220;St. George&#8221; in Barcelona, PhD in the same program: Reality Besieged: creative positions. Thesis Proposal: The painting as a metaphor of the flesh.<\/span><\/span><\/h3>\n<h3 style=\"text-align: justify;\"><span style=\"font-family: Times New Roman,serif;\"><span style=\"font-size: small;\">Between 1996 and 2000 linked to the group&#8217;s Poblenou poetry. Featured Books: Nothing to say (Barcelona,\u200b\u200b1997). Barcelona Poetry (edit. Bow, Barcelona, 1998)<\/span><\/span><\/h3>\n<h3 style=\"text-align: justify;\"><span style=\"font-family: Times New Roman,serif;\"><span style=\"font-size: small;\">Grant from Rotary Club <\/span><\/span><em><span style=\"font-family: Times New Roman,serif;\"><span style=\"font-size: small;\">Ramon Llull <\/span><\/span><\/em><span style=\"font-family: Times New Roman,serif;\"><span style=\"font-size: small;\"> Palma. Resarch on The London School and Lucian Freud (2003).<\/span><\/span><\/h3>\n<h3 style=\"text-align: justify;\"><span style=\"font-family: Times New Roman,serif;\"><span style=\"font-size: small;\"><span lang=\"en\">I have not won contests<\/span>.<\/span><\/span><\/h3>\n<p>&nbsp;<\/p>\n<h3 style=\"text-align: justify;\"><span style=\"color: #800000;\"><strong>Prominent ilustrations<\/strong>:<\/span><\/h3>\n<h3 style=\"text-align: justify;\">Po\u00e8tiques post 11-S, revista Quimera, Barcelona, 2007.<\/h3>\n<h3 style=\"text-align: justify;\">El coraz\u00f3n de las tinieblas, J. Conrad. Mondadori, Barcelona, 2009.<\/h3>\n<h3 style=\"text-align: justify;\">El Rey Lear, W. Shakespeare. Random House. Barcelona, 2016.<\/h3>\n<h3 style=\"text-align: justify;\"><\/h3>\n<h3 style=\"text-align: justify;\"><span style=\"color: #800000;\"><strong>Animation<\/strong>:<\/span><\/h3>\n<ul style=\"text-align: justify;\">\n<li>\n<h3>Bla, bla, bla, 2011.<\/h3>\n<\/li>\n<li style=\"text-align: justify;\">\n<h3><em>A fora<\/em>,\u00a0amb Marc Capdevila i Albert Balasch, 2012:<\/h3>\n<\/li>\n<\/ul>\n<ol style=\"text-align: justify;\">\n<li>\n<h3>1st PRize. VI EDICI\u00d3N DEL FORO DE ANIMACI\u00d3N CONTEMPOR\u00c1NEA \u2013 ANIMASIVO 2013 (M\u00c9XICO D.F.)<\/h3>\n<\/li>\n<li>\n<h3>BEST FILM OF: REVERSED POETRY FILM FESTIVAL 2013 (AMSTERDAM, HOLANDA).<\/h3>\n<\/li>\n<li>\n<h3>1ST PRIZE: I CONCURSO DS VIDEOART (MADRID, ESPA\u00d1A)<\/h3>\n<\/li>\n<li>\n<h3>MESSAGE OF HONOR\u00a0AT IV DOCTOR CLIP- ROMA POETRY FILM FESTIVAL (ROMA, ITALIA)<\/h3>\n<\/li>\n<li>\n<h3>XXXVI CINANIMA 2013 EN LA SECCI\u00d3N &#8220;INTERNATIONAL PANORAMA&#8221; (ESPINHO, PORTUGAL)<\/h3>\n<\/li>\n<li>\n<h3>NON STOP BARCELONA ANIMACI\u00d3 2014 (BARCELONA, CATALU\u00d1A)<\/h3>\n<\/li>\n<li>\n<h3>GOLDEN ORCHID INTERNATIONAL ANIMATION FESTIVAL 2013 (PENNSYLVANIA, EUA)<\/h3>\n<\/li>\n<li>\n<h3>VI CINETORO FILM FESTIAL 2013 (CALI, COLOMBIA)<\/h3>\n<\/li>\n<li>\n<h3>III ARS INDEPENDENT INTERNATIONAL FILM FESTIVAL (KATOWICE, POLONIA)<\/h3>\n<\/li>\n<li>\n<h3>ANIMACINE \u2013 FESTIVAL DE ANIMA\u00c7AO DO AGRESTE (AGRESTE, BRASIL)<\/h3>\n<\/li>\n<li>\n<h3>XV FESTIVAL DES CINEMAS DIFFERENTS ET EXPERIMENTAUX DE PARIS (FRANCIA)<\/h3>\n<\/li>\n<li>\n<h3>\u00d3 BH\u00c9AL INTERNATIONAL POETRY-FILM COMPETITION 2013 (CORK, IRLANDA)<\/h3>\n<\/li>\n<li>\n<h3>INTERNATIONAL VIDEO ART HOUSE MADRID\u201913 (MADRID, ESPA\u00d1A)<\/h3>\n<\/li>\n<li>\n<h3>LA PAROLA IMAGINATA 2013 (TREVIGLIOPOESIA, ITALIA)<\/h3>\n<\/li>\n<li>\n<h3>FILMPOEM (DUNBAR, ESCOCIA)<\/h3>\n<\/li>\n<li>\n<h3>ZEBRA POETRY FILM FESTIVAL 2012(BERL\u00cdN, ALEMANIA)<\/h3>\n<\/li>\n<\/ol>\n<ul style=\"text-align: justify;\">\n<li>\n<h3>Les Cambres, 2015.<\/h3>\n<\/li>\n<\/ul>\n<h3 style=\"text-align: justify;\">I have had the idea and directed the Festival: <em>Sota Terra, Mostra d&#8217;animaci\u00f3 experimental de Mallorca<\/em>. A Festival that showed at cinemas and art galleries, museums, and alternative places the bonds between animation and visual\/plastic arts: <a href=\"http:\/\/www.festivalsotaterra.wordpress.com\">festivalsotaterra.wordpress.com <\/a><a href=\"https:\/\/www.facebook.com\/FestivalSotaTerra\">https:\/\/www.facebook.com\/FestivalSotaTerra<\/a><\/h3>\n<h6 style=\"text-align: justify;\"><span style=\"color: #800000;\"><em>Prominent collective exhibitions:<\/em><\/span><\/h6>\n<h3 style=\"text-align: justify;\"><em><span style=\"font-family: Times New Roman,serif;\"><span style=\"font-size: small;\">Virginal,<\/span><\/span><\/em><span style=\"font-family: Times New Roman,serif;\"><span style=\"font-size: small;\"> Illes Can\u00e0ries (1994)<\/span><\/span><\/h3>\n<h3 style=\"text-align: justify;\"><em><span style=\"font-family: Times New Roman,serif;\"><span style=\"font-size: small;\">Noves pres\u00e8ncies<\/span><\/span><\/em><span style=\"font-family: Times New Roman,serif;\"><span style=\"font-size: small;\"> (2004-05), itinerant (2006)<\/span><\/span><\/h3>\n<h3 style=\"text-align: justify;\"><span style=\"font-family: Times New Roman,serif;\"><span style=\"font-size: small;\">Miquela Nicolau Espai d\u2019Art, col\u00b7lectiva d\u2019estiu. Felanitx (2008-09-10-11)<\/span><\/span><\/h3>\n<h3 style=\"text-align: justify;\"><span style=\"font-family: Times New Roman,serif;\"><span style=\"font-size: small;\">Miquela Nicolau Espai d\u2019Art, col\u00b7lectiva de nadal. Felanitx (2008-09-10-11)<\/span><\/span><\/h3>\n<h3 style=\"text-align: justify;\"><span style=\"font-family: Times New Roman,serif;\"><span style=\"font-size: small;\">Centre d\u2019art Ses Salines (2008)<\/span><\/span><\/h3>\n<h3 style=\"text-align: justify;\"><em><span style=\"font-family: Times New Roman,serif;\"><span style=\"font-size: small;\">Micro<\/span><\/span><\/em><span style=\"font-family: Times New Roman,serif;\"><span style=\"font-size: small;\">, Olsson &amp; Uddenberg gallery, G\u00f6teborg, Su\u00e8cia (2008)<\/span><\/span><\/h3>\n<h3 style=\"text-align: justify;\"><span style=\"font-family: Times New Roman,serif;\"><span style=\"font-size: small;\">Can Gelabert (2011)<\/span><\/span><\/h3>\n<h3 style=\"text-align: justify;\"><em><span style=\"font-family: Times New Roman,serif;\"><span style=\"font-size: small;\">Dues Ribes<\/span><\/span><\/em><span style=\"font-family: Times New Roman,serif;\"><span style=\"font-size: small;\">, Miquela Nicolau Espai d\u2019Art, Felanitx \u2013 Galeria Canals, Sant Cugat. (2011)<\/span><\/span><\/h3>\n<h3 style=\"text-align: justify;\"><span style=\"color: #800000;\"><strong>Prominent solo exhibitions<\/strong>:<\/span><\/h3>\n<h3 style=\"text-align: justify;\"><em><span style=\"font-family: Times New Roman,serif;\"><span style=\"font-size: small;\">Vols dir? no gr\u00e0cies<\/span><\/span><\/em><span style=\"font-family: Times New Roman,serif;\"><span style=\"font-size: small;\">, Palma (1999)<\/span><\/span><\/h3>\n<h3 style=\"text-align: justify;\"><span style=\"font-family: Times New Roman,serif;\"><span style=\"font-size: small;\">C\/ del Mar 22, Palma (2002)<\/span><\/span><\/h3>\n<h3 style=\"text-align: justify;\"><em><span style=\"font-family: Times New Roman,serif;\"><span style=\"font-size: small;\">From London<\/span><\/span><\/em><span style=\"font-family: Times New Roman,serif;\"><span style=\"font-size: small;\">, Casal Balaguer, Palma (2003)<\/span><\/span><\/h3>\n<h3 style=\"text-align: justify;\"><em><span style=\"font-family: Times New Roman,serif;\"><span style=\"font-size: small;\">Sculptures, rares and drawings<\/span><\/span><\/em><span style=\"font-family: Times New Roman,serif;\"><span style=\"font-size: small;\">, Museu de Porreres (2004)<\/span><\/span><\/h3>\n<h3 style=\"text-align: justify;\"><em><span style=\"font-family: Times New Roman,serif;\"><span style=\"font-size: small;\">Quan els jutges parlen<\/span><\/span><\/em><span style=\"font-family: Times New Roman,serif;\"><span style=\"font-size: small;\">, Galeria Mediterr\u00e0nea, Palma (2004)<\/span><\/span><\/h3>\n<h3 style=\"text-align: justify;\"><em><span style=\"font-family: Times New Roman,serif;\"><span style=\"font-size: small;\">Defensa de l\u2019home<\/span><\/span><\/em><span style=\"font-family: Times New Roman,serif;\"><span style=\"font-size: small;\">, Galeria Can Dinski, Son Servera (2007)<\/span><\/span><\/h3>\n<h3 style=\"text-align: justify;\"><em><span style=\"font-family: Times New Roman,serif;\"><span style=\"font-size: small;\">Interludi<\/span><\/span><\/em><span style=\"font-family: Times New Roman,serif;\"><span style=\"font-size: small;\">, Can Gelabert, Binissalem (2008)<\/span><\/span><\/h3>\n<h3 style=\"text-align: justify;\"><em><span style=\"font-family: Times New Roman,serif;\"><span style=\"font-size: small;\">A fora<\/span><\/span><\/em><span style=\"font-family: Times New Roman,serif;\"><span style=\"font-size: small;\">, Can Gelabert, Binissalem (2008)<\/span><\/span><\/h3>\n<h3 style=\"text-align: justify;\"><em><span style=\"font-family: Times New Roman,serif;\"><span style=\"font-size: small;\">Assaig<\/span><\/span><\/em><span style=\"font-family: Times New Roman,serif;\"><span style=\"font-size: small;\">, Miquela Nicolau Espai d\u2019Art, Felanitx (2009)<\/span><\/span><\/h3>\n<h3 style=\"text-align: justify;\"><em><span style=\"font-family: Times New Roman,serif;\"><span style=\"font-size: small;\">Cendres<\/span><\/span><\/em><span style=\"font-family: Times New Roman,serif;\"><span style=\"font-size: small;\">, S\u2019espai Mallorca, Barcelona. (2009) <\/span><\/span><\/h3>\n<h3 style=\"text-align: justify;\"><em><span style=\"font-family: Times New Roman,serif;\"><span style=\"font-size: small;\">La ferida del rastre<\/span><\/span><\/em><span style=\"font-family: Times New Roman,serif;\"><span style=\"font-size: small;\">, Espai d\u2019art Miquela Nicolau,\u00a0 Felanitx (2012) <\/span><\/span><\/h3>\n<h3 style=\"text-align: justify;\"><em><span style=\"font-family: Times New Roman,serif;\"><span style=\"font-size: small;\">Ti\u00e0 Zanoguera,<\/span><\/span><\/em><span style=\"font-family: Times New Roman,serif;\"><span style=\"font-size: small;\"> Joan Oliver Maneu, Palma (2012) <\/span><\/span><\/h3>\n<h3 style=\"text-align: justify;\"><span style=\"font-family: Times New Roman,serif;\"><span style=\"font-size: small;\">Les Cambres, Fran Reus Art Gallery, Palma (2015-16) <\/span><\/span><\/h3>\n<h3 style=\"text-align: justify;\"><span style=\"font-family: Times New Roman,serif;\"><span style=\"font-size: small;\">D&#8217;Ocells i altres b\u00e8sties, Can Dinsky, Son Servera (2016)<\/span><\/span><\/h3>\n<h3 style=\"text-align: justify;\"><span style=\"font-family: Times New Roman,serif;\"><span style=\"font-size: small;\">Lear, una\u00a0interpretaci\u00f3, Malpaso, Barcelona (2016-17)<\/span><\/span><\/h3>\n<h3 style=\"text-align: justify;\"><span style=\"font-family: Times New Roman,serif;\"><span style=\"font-size: small;\">Lear, una\u00a0interpretaci\u00f3 (II), Rata Corner, Palma\u00a0(2017)<\/span><\/span><\/h3>\n<h3 style=\"text-align: justify;\"><\/h3>\n","protected":false},"excerpt":{"rendered":"<p>C.V. Painter. Besides I also do esculpture, scenography, design, animation, comic, action and poetry. But I am a painter. Bachelor of Fine Arts faculty &#8220;St. George&#8221; in Barcelona, PhD in the same program: Reality Besieged: creative positions. Thesis Proposal: The painting as a metaphor of the flesh. Between 1996 and 2000 linked to the group&#8217;s [&hellip;]<\/p>\n","protected":false},"author":1,"featured_media":0,"parent":0,"menu_order":3,"comment_status":"closed","ping_status":"closed","template":"","meta":{"footnotes":""},"_links":{"self":[{"href":"http:\/\/tiazanoguera.com\/index.php?rest_route=\/wp\/v2\/pages\/23"}],"collection":[{"href":"http:\/\/tiazanoguera.com\/index.php?rest_route=\/wp\/v2\/pages"}],"about":[{"href":"http:\/\/tiazanoguera.com\/index.php?rest_route=\/wp\/v2\/types\/page"}],"author":[{"embeddable":true,"href":"http:\/\/tiazanoguera.com\/index.php?rest_route=\/wp\/v2\/users\/1"}],"replies":[{"embeddable":true,"href":"http:\/\/tiazanoguera.com\/index.php?rest_route=%2Fwp%2Fv2%2Fcomments&post=23"}],"version-history":[{"count":20,"href":"http:\/\/tiazanoguera.com\/index.php?rest_route=\/wp\/v2\/pages\/23\/revisions"}],"predecessor-version":[{"id":495,"href":"http:\/\/tiazanoguera.com\/index.php?rest_route=\/wp\/v2\/pages\/23\/revisions\/495"}],"wp:attachment":[{"href":"http:\/\/tiazanoguera.com\/index.php?rest_route=%2Fwp%2Fv2%2Fmedia&parent=23"}],"curies":[{"name":"wp","href":"https:\/\/api.w.org\/{rel}","templated":true}]}}